{"version":"1.0","provider_name":"Fotoblogs. Par fotogr\u0101fiju un dz\u012bvi","provider_url":"https:\/\/www.dzidra.nl\/fotoblogs","author_name":"Dzidra Dubois","author_url":"https:\/\/www.dzidra.nl\/fotoblogs\/author\/dzidra-dubois\/","title":"Mobil\u0101 fotogr\u0101fija k\u0101z\u0101s - Fotoblogs. Par fotogr\u0101fiju un dz\u012bvi","type":"rich","width":600,"height":338,"html":"<blockquote class=\"wp-embedded-content\" data-secret=\"UKQtgjmNH8\"><a href=\"https:\/\/www.dzidra.nl\/fotoblogs\/mobila-fotografija-kad-kazu-viesi-fotografe\/\">Kad k\u0101zu viesi fotograf\u0113<\/a><\/blockquote><iframe sandbox=\"allow-scripts\" security=\"restricted\" src=\"https:\/\/www.dzidra.nl\/fotoblogs\/mobila-fotografija-kad-kazu-viesi-fotografe\/embed\/#?secret=UKQtgjmNH8\" width=\"600\" height=\"338\" title=\"&#8220;Kad k\u0101zu viesi fotograf\u0113&#8221; &#8212; Fotoblogs. Par fotogr\u0101fiju un dz\u012bvi\" data-secret=\"UKQtgjmNH8\" frameborder=\"0\" marginwidth=\"0\" marginheight=\"0\" scrolling=\"no\" class=\"wp-embedded-content\"><\/iframe><script type=\"text\/javascript\">\n\/* <![CDATA[ *\/\n\/*! This file is auto-generated *\/\n!function(d,l){\"use strict\";l.querySelector&&d.addEventListener&&\"undefined\"!=typeof URL&&(d.wp=d.wp||{},d.wp.receiveEmbedMessage||(d.wp.receiveEmbedMessage=function(e){var t=e.data;if((t||t.secret||t.message||t.value)&&!\/[^a-zA-Z0-9]\/.test(t.secret)){for(var s,r,n,a=l.querySelectorAll('iframe[data-secret=\"'+t.secret+'\"]'),o=l.querySelectorAll('blockquote[data-secret=\"'+t.secret+'\"]'),c=new RegExp(\"^https?:$\",\"i\"),i=0;i<o.length;i++)o[i].style.display=\"none\";for(i=0;i<a.length;i++)s=a[i],e.source===s.contentWindow&&(s.removeAttribute(\"style\"),\"height\"===t.message?(1e3<(r=parseInt(t.value,10))?r=1e3:~~r<200&&(r=200),s.height=r):\"link\"===t.message&&(r=new URL(s.getAttribute(\"src\")),n=new URL(t.value),c.test(n.protocol))&&n.host===r.host&&l.activeElement===s&&(d.top.location.href=t.value))}},d.addEventListener(\"message\",d.wp.receiveEmbedMessage,!1),l.addEventListener(\"DOMContentLoaded\",function(){for(var e,t,s=l.querySelectorAll(\"iframe.wp-embedded-content\"),r=0;r<s.length;r++)(t=(e=s[r]).getAttribute(\"data-secret\"))||(t=Math.random().toString(36).substring(2,12),e.src+=\"#?secret=\"+t,e.setAttribute(\"data-secret\",t)),e.contentWindow.postMessage({message:\"ready\",secret:t},\"*\")},!1)))}(window,document);\n\/\/# sourceURL=https:\/\/www.dzidra.nl\/fotoblogs\/wp-includes\/js\/wp-embed.min.js\n\/* ]]> *\/\n<\/script>\n","thumbnail_url":"https:\/\/www.dzidra.nl\/assetswp\/uploads\/sites\/4\/2017\/03\/kazu-fotografija-mobilie.jpg","thumbnail_width":1024,"thumbnail_height":683,"description":"Mobil\u0101 fotogr\u0101fija k\u0101z\u0101s - t\u0101 ir kolos\u0101la iesp\u0113ja saglab\u0101t tie\u0161i savus mirk\u013cus un emocijas. Tom\u0113r j\u016bsu entuziasms var saboj\u0101t jaunajiem vi\u0146u pa\u0161u k\u0101zu fotogr\u0101fijas! K\u0101 lab\u0101k uzvesties, lai respekt\u0113tu jauno p\u0101ri, fotogr\u0101fu un netrauc\u0113tu ar\u012b viesiem uz\u0146emt k\u0101dus labus kadrus?"}